{"id":2688,"date":"2020-03-26T13:02:17","date_gmt":"2020-03-26T13:02:17","guid":{"rendered":"http:\/\/desertwatch.org\/desert-watch-lectures-and-conferences\/"},"modified":"2020-04-19T15:33:36","modified_gmt":"2020-04-19T15:33:36","slug":"desert-watch-lectures-and-conferences","status":"publish","type":"page","link":"https:\/\/desertwatch.org\/es\/desert-watch-lectures-and-conferences\/","title":{"rendered":"Charlas y talleres"},"content":{"rendered":"<p>[et_pb_section fb_built=\u00bb1&#8243; fullwidth=\u00bbon\u00bb next_background_color=\u00bb#ffffff\u00bb admin_label=\u00bbHeader Section\u00bb _builder_version=\u00bb3.22&#8243; background_color=\u00bb#8e7964&#8243; bottom_divider_style=\u00bbramp\u00bb bottom_divider_flip=\u00bbhorizontal\u00bb][et_pb_fullwidth_header title=\u00bbConcienciaci\u00f3n\u00bb subhead=\u00bbCharlas y talleres\u00bb text_orientation=\u00bbcenter\u00bb _builder_version=\u00bb4.4.3&#8243; title_font=\u00bbOswald|||on|||||\u00bb title_text_color=\u00bb#fff5e7&#8243; title_font_size=\u00bb20px\u00bb title_letter_spacing=\u00bb3px\u00bb title_line_height=\u00bb1.5em\u00bb content_font=\u00bbLora||||||||\u00bb content_font_size=\u00bb22px\u00bb content_line_height=\u00bb2em\u00bb subhead_font=\u00bbMontserrat|700||on|||||\u00bb subhead_text_color=\u00bb#fff5e7&#8243; subhead_font_size=\u00bb60px\u00bb subhead_letter_spacing=\u00bb8px\u00bb subhead_line_height=\u00bb1.5em\u00bb background_color=\u00bbrgba(255,255,255,0)\u00bb background_image=\u00bbhttps:\/\/desertwatch.org\/wp-content\/uploads\/2020\/04\/lecture.jpg\u00bb custom_button_one=\u00bbon\u00bb button_one_text_size=\u00bb16px\u00bb button_one_text_color=\u00bb#ffffff\u00bb button_one_bg_color=\u00bb#d29f68&#8243; button_one_border_width=\u00bb15px\u00bb button_one_border_color=\u00bbrgba(210,159,104,0)\u00bb button_one_border_radius=\u00bb100px\u00bb button_one_letter_spacing=\u00bb3px\u00bb button_one_font=\u00bbOswald|||on|||||\u00bb button_one_use_icon=\u00bboff\u00bb custom_button_two=\u00bbon\u00bb button_two_text_size=\u00bb16px\u00bb button_two_text_color=\u00bb#ffffff\u00bb button_two_bg_color=\u00bbrgba(255,255,255,0.35)\u00bb button_two_border_width=\u00bb15px\u00bb button_two_border_color=\u00bbrgba(0,0,0,0)\u00bb button_two_border_radius=\u00bb100px\u00bb button_two_letter_spacing=\u00bb3px\u00bb button_two_font=\u00bbOswald|||on|||||\u00bb button_two_use_icon=\u00bboff\u00bb custom_margin=\u00bb|||\u00bb custom_padding=\u00bb90px||90px||true\u00bb animation_style=\u00bbzoom\u00bb animation_duration=\u00bb2000ms\u00bb animation_intensity_zoom=\u00bb4%\u00bb subhead_font_size_tablet=\u00bb\u00bb subhead_font_size_phone=\u00bb50px\u00bb subhead_font_size_last_edited=\u00bbon|desktop\u00bb text_shadow_style=\u00bbpreset1&#8243; button_one_border_radius_hover=\u00bb100px\u00bb button_one_bg_color_hover=\u00bb#cc8d66&#8243; button_two_bg_color_hover=\u00bb#d29f68&#8243; button_one_text_size__hover_enabled=\u00bboff\u00bb button_two_text_size__hover_enabled=\u00bboff\u00bb button_one_text_color__hover_enabled=\u00bboff\u00bb button_two_text_color__hover_enabled=\u00bboff\u00bb button_one_border_width__hover_enabled=\u00bboff\u00bb button_two_border_width__hover_enabled=\u00bboff\u00bb button_one_border_color__hover_enabled=\u00bboff\u00bb button_two_border_color__hover_enabled=\u00bboff\u00bb button_one_border_radius__hover_enabled=\u00bbon\u00bb button_one_border_radius__hover=\u00bb100px\u00bb button_two_border_radius__hover_enabled=\u00bboff\u00bb button_one_letter_spacing__hover_enabled=\u00bboff\u00bb button_two_letter_spacing__hover_enabled=\u00bboff\u00bb button_one_bg_color__hover_enabled=\u00bbon\u00bb button_one_bg_color__hover=\u00bb#cc8d66&#8243; button_two_bg_color__hover_enabled=\u00bbon\u00bb button_two_bg_color__hover=\u00bb#d29f68&#8243;][\/et_pb_fullwidth_header][\/et_pb_section][et_pb_section fb_built=\u00bb1&#8243; admin_label=\u00bblectures\u00bb _builder_version=\u00bb4.4.1&#8243; background_image=\u00bbhttps:\/\/desertwatch.org\/wp-content\/uploads\/2019\/09\/herb-trans3.png\u00bb parallax=\u00bbon\u00bb parallax_method=\u00bboff\u00bb custom_padding=\u00bb0px|0px|0px|0px|true|false\u00bb locked=\u00bboff\u00bb][et_pb_row admin_label=\u00bblectures conferences\u00bb _builder_version=\u00bb4.4.3&#8243;][et_pb_column type=\u00bb4_4&#8243; _builder_version=\u00bb3.25&#8243; custom_padding=\u00bb|||\u00bb custom_padding__hover=\u00bb|||\u00bb][et_pb_text disabled_on=\u00bbon|on|on\u00bb _builder_version=\u00bb4.4.1&#8243; text_font=\u00bbLora||||||||\u00bb text_font_size=\u00bb18px\u00bb text_line_height=\u00bb2em\u00bb header_2_font=\u00bbLora|700|||||||\u00bb header_2_font_size=\u00bb50px\u00bb header_2_line_height=\u00bb1.5em\u00bb header_3_font=\u00bbMontserrat|700||on|||||\u00bb header_3_text_color=\u00bb#000000&#8243; header_3_font_size=\u00bb36px\u00bb header_3_letter_spacing=\u00bb6px\u00bb header_3_line_height=\u00bb1.3em\u00bb header_5_font=\u00bbOswald|||on|||||\u00bb header_5_text_color=\u00bbrgba(0,0,0,0.4)\u00bb header_5_font_size=\u00bb20px\u00bb header_5_letter_spacing=\u00bb3px\u00bb max_width=\u00bb600px\u00bb max_width_tablet=\u00bb\u00bb max_width_phone=\u00bb\u00bb max_width_last_edited=\u00bbon|phone\u00bb custom_margin_tablet=\u00bb|70px||70px\u00bb custom_margin_phone=\u00bb|50px||50px\u00bb custom_margin_last_edited=\u00bboff|desktop\u00bb text_line_height_last_edited=\u00bboff|desktop\u00bb disabled=\u00bbon\u00bb]<\/p>\n<h5>Awareness<\/h5>\n<h3>Lectures &amp; Conferences<\/h3>\n<p>[\/et_pb_text][et_pb_text _builder_version=\u00bb4.4.3&#8243; text_font=\u00bb|700|||||||\u00bb text_text_color=\u00bb#432918&#8243; text_font_size=\u00bb18px\u00bb text_line_height=\u00bb2em\u00bb header_2_font=\u00bbLora|700|||||||\u00bb header_2_font_size=\u00bb50px\u00bb header_2_line_height=\u00bb1.5em\u00bb header_5_font=\u00bbOswald|||on|||||\u00bb header_5_text_color=\u00bbrgba(0,0,0,0.4)\u00bb header_5_font_size=\u00bb20px\u00bb header_5_letter_spacing=\u00bb3px\u00bb max_width=\u00bb600px\u00bb max_width_tablet=\u00bb\u00bb max_width_phone=\u00bb\u00bb max_width_last_edited=\u00bbon|phone\u00bb custom_margin_tablet=\u00bb|70px||70px\u00bb custom_margin_phone=\u00bb|50px||50px\u00bb custom_margin_last_edited=\u00bboff|desktop\u00bb text_line_height_last_edited=\u00bboff|desktop\u00bb]Uno de nuestros objetivos es recabar la mayor cantidad de informaci\u00f3n sobre el medio natural de El Jable. Y para ello, a lo largo de estos a\u00f1os hemos invitado a diferentes ponentes que han realizado estudios o investigaciones sobre la naturaleza a impartir charlas, talleres y mesas redondas para compartir sus conocimientos con nosotros y el p\u00fablico general.[\/et_pb_text][et_pb_button button_url=\u00bbhttps:\/\/desertwatch.org\/lectures\/\u00bb button_text=\u00bbview lectures at a glance\u00bb disabled_on=\u00bbon|on|on\u00bb admin_label=\u00bblink to lectures\u00bb _builder_version=\u00bb4.4.3&#8243; custom_button=\u00bbon\u00bb button_text_size=\u00bb14px\u00bb button_text_color=\u00bb#384d24&#8243; button_bg_color=\u00bb#a3a66f\u00bb button_border_color=\u00bb#384d24&#8243; button_border_radius=\u00bb0px\u00bb button_letter_spacing=\u00bb2px\u00bb button_font=\u00bbLato|700||on|||||\u00bb button_icon=\u00bb%%20%%\u00bb button_icon_color=\u00bb#384d24&#8243; hover_enabled=\u00bb0&#8243; disabled=\u00bbon\u00bb][\/et_pb_button][et_pb_toggle title=\u00bbCharlas y talleres\u00bb open_toggle_text_color=\u00bb#d0b82b\u00bb open_toggle_background_color=\u00bb#fff5e7&#8243; closed_toggle_text_color=\u00bb#432918&#8243; closed_toggle_background_color=\u00bb#fff5e7&#8243; disabled_on=\u00bbon|on|on\u00bb admin_label=\u00bblecture list toggle\u00bb _builder_version=\u00bb4.4.3&#8243; title_text_color=\u00bb#384d24&#8243; title_font=\u00bb|600||on|||||\u00bb title_font_size=\u00bb20&#8243; hover_enabled=\u00bb0&#8243; border_radii=\u00bbon|10px|10px|10px|10px\u00bb border_width_all=\u00bb0px\u00bb border_color_all=\u00bb#ffffff\u00bb disabled=\u00bbon\u00bb]<\/p>\n<p style=\"text-align: justify; margin: 12.0pt 0in 12.0pt 0in;\"><span lang=\"ES\" style=\"font-size: 11.0pt;\"><strong>20.11.2015<\/strong> \u2014 Las especies de aves en El Jable.<br \/><strong>Ponente:<\/strong> Walo Moreno Rajel, t\u00e9cnico de campo, colaborador de la Estaci\u00f3n Biol\u00f3gica de Do\u00f1ana (Huelva).<\/span><\/p>\n<p style=\"text-align: justify; margin: 12.0pt 0in 12.0pt 0in;\"><span lang=\"ES\" style=\"font-size: 11.0pt;\"><strong>20.11.2015<\/strong> \u2014 Introducci\u00f3n a ZamiaDroid.<br \/><strong>Ponente:<\/strong> Prof. Xavier Font, Universidad de Barcelona.<\/span><\/p>\n<p style=\"text-align: justify; margin: 12.0pt 0in 12.0pt 0in;\"><span lang=\"ES\" style=\"font-size: 11.0pt;\"><strong>23.01.2016<\/strong> \u2014 El Jable. Cultivando en el desierto. Conviviendo con el entorno.<br \/><strong>Ponente:<\/strong> Juan Cazorla Godoy, Oficina de la Reserva de la Biosfera de Lanzarote, Cabildo de Lanzarote<\/span><\/p>\n<p style=\"text-align: justify; margin: 12.0pt 0in 12.0pt 0in;\"><span lang=\"ES\" style=\"font-size: 11.0pt;\"><strong>21.02.2016<\/strong> \u2014 Flora de El Jable.<br \/><strong>Ponentes:<\/strong> Jaime Gil y Marta Pe\u00f1a, investigadores cient\u00edficos, ULPGC.<\/span><\/p>\n<p style=\"text-align: justify; margin: 12.0pt 0in 12.0pt 0in;\"><span lang=\"ES\" style=\"font-size: 11.0pt;\"><strong>27.02 .2016<\/strong> \u2014 Life on lava \u2013 plants and animals of Lanzarote<br \/><strong>Ponente:<\/strong> Prof. Horst Wilkens, Universidad de Hamburgo.<\/span><\/p>\n<p style=\"text-align: justify; margin: 12.0pt 0in 12.0pt 0in;\"><span lang=\"ES\" style=\"font-size: 11.0pt;\"><strong>05.03.2016<\/strong> \u2014 El guirre en Lanzarote.<br \/>Mesa de trabajo impartida por el t\u00e9cnico de campo Walo Moreno Rajel, colaborador de la Estaci\u00f3n Biol\u00f3gica de Do\u00f1ana.<\/span><\/p>\n<p style=\"text-align: justify; margin: 12.0pt 0in 12.0pt 0in;\"><span lang=\"ES\" style=\"font-size: 11.0pt;\"><strong>19.03.2016<\/strong> \u2014 Caracoles terrestres de El Jable.<br \/><strong>Ponente:<\/strong> Ram\u00f3n Gustems, veterinario del Programa de Recogida de Fauna Accidentada, TRAGSA<\/span><\/p>\n<p style=\"text-align: justify; margin: 12.0pt 0in 12.0pt 0in;\"><span lang=\"ES\" style=\"font-size: 11.0pt;\"><strong>02.04.2016<\/strong> \u2014 Archipi\u00e9lago Chinijo. Amenazas y conservaci\u00f3n.<br \/><strong>Ponente:<\/strong> Alexis Rivera, ADENA Canarias (World Wildlife Foundation)<\/span><\/p>\n<p style=\"text-align: justify; margin: 12.0pt 0in 12.0pt 0in;\"><span lang=\"ES\" style=\"font-size: 11.0pt;\"><strong>07.05.2016<\/strong> \u2014 Soo en la Historia.<br \/><strong>Ponente:<\/strong> Francisco Hern\u00e1ndez Delgado, cronista oficial de la Villa de Teguise.<\/span><\/p>\n<p style=\"text-align: justify; margin: 12.0pt 0in 12.0pt 0in;\"><span lang=\"ES\" style=\"font-size: 11.0pt;\"><strong>23.07.2016<\/strong> \u2014 El futuro de la agricultura y ganader\u00eda en espacios protegidos.<br \/><strong>Ponente:<\/strong> Klaus Guttenberger, agricultor, apicultor y miembro de WWF Espa\u00f1a en Canarias.<\/span><\/p>\n<p style=\"text-align: justify; margin: 12.0pt 0in 12.0pt 0in;\"><span lang=\"ES\" style=\"font-size: 11.0pt;\"><strong>16.09.2016<\/strong> \u2014 Avifauna de Lanzarote. Incidencias y conservaci\u00f3n.<br \/><strong>Ponente:<\/strong> Gustavo Tejera (ornit\u00f3logo).<\/span><\/p>\n<p style=\"text-align: justify; margin: 12.0pt 0in 12.0pt 0in;\"><span lang=\"ES\" style=\"font-size: 11.0pt;\"><strong>29.11.2016<\/strong> \u2014 Tendencias poblacionales recientes y distribuci\u00f3n de aves esteparias en las Islas Canarias orientales.<br \/><strong>Ponente:<\/strong> Claudia Schuster, investigadora de GREFA (Grupo de Rehabilitaci\u00f3n de la Fauna Aut\u00f3ctona y su H\u00e1bitat).<\/span><\/p>\n<p style=\"text-align: justify; margin: 12.0pt 0in 12.0pt 0in;\"><span lang=\"ES\" style=\"font-size: 11.0pt;\"><strong>03.03.2017<\/strong> \u2014 Lava, Sand &amp; Flower Power.<br \/><strong>Ponente:<\/strong> Prof. Horst Wilkens, Universidad de Hamburgo.<\/span><\/p>\n<p style=\"text-align: justify; margin: 12.0pt 0in 12.0pt 0in;\"><span lang=\"ES\" style=\"font-size: 11.0pt;\"><strong>07.04.2017<\/strong> \u2014 Identificaci\u00f3n de restos \u00f3seos de peque\u00f1os vertebrados.<br \/><strong>Ponente:<\/strong> Claudia Schuster (GREFA)<\/span><\/p>\n<p style=\"text-align: justify; margin: 12.0pt 0in 12.0pt 0in;\"><span lang=\"ES\" style=\"font-size: 11.0pt;\"><strong>24.03.2017<\/strong> \u2014 Insectos de Lanzarote.<br \/><strong>Ponente:<\/strong> Pedro Orom\u00ed Masoliver, Universidad de la Laguna, Tenerife<\/span><\/p>\n<p style=\"text-align: justify; margin: 12.0pt 0in 12.0pt 0in;\"><span lang=\"ES\" style=\"font-size: 11.0pt;\"><strong>16.06.2017<\/strong> \u2014 Colonizaci\u00f3n de la garcilla bueyera en Lanzarote.<br \/><strong>Ponente:<\/strong> Dr. Jos\u00e9 Cabot Nieves, Consejer\u00eda de Medio Ambiente del Cabildo de Lanzarote.<\/span><\/p>\n<p style=\"text-align: justify; margin: 12.0pt 0in 12.0pt 0in;\"><span lang=\"ES\" style=\"font-size: 11.0pt;\"><strong>09.11.2017<\/strong> \u2014 Pensando en las musara\u00f1as\u2026canarias.<br \/><strong>Ponente:<\/strong> Claudia Schuster (GREFA)<\/span><\/p>\n<p style=\"text-align: justify; margin: 12.0pt 0in 12.0pt 0in;\"><span lang=\"ES\" style=\"font-size: 11.0pt;\"><strong>01.12.17<\/strong> \u2014 El oeste de \u00c1frica a vista de p\u00e1jaro.<br \/><strong>Ponente:<\/strong> Juan Jos\u00e9 Ramos, gerente de Birding Canarias.<\/span><\/p>\n<p style=\"text-align: justify; margin: 12.0pt 0in 12.0pt 0in;\"><span lang=\"ES\" style=\"font-size: 11.0pt;\"><strong>02.12.17<\/strong> \u2014 Proyecci\u00f3n: Islas Salvajes, las olvidadas del Atl\u00e1ntico, de Juan Jos\u00e9 Ramos y Germ\u00e1n Pinelo<\/span><\/p>\n<p style=\"text-align: justify; margin: 12.0pt 0in 12.0pt 0in;\"><span lang=\"ES\" style=\"font-size: 11.0pt;\"><strong>10.02.18<\/strong> \u2014 The impact of global warming on the birds of Poland and Europe.<br \/><strong>Ponente:<\/strong> Prof. Pawel Oglecki, Universidad de Varsovia.<\/span><\/p>\n<p style=\"text-align: justify; margin: 12.0pt 0in 12.0pt 0in;\"><span lang=\"ES\" style=\"font-size: 11.0pt;\"><strong>09.03.18<\/strong> \u2014 Lanzarote: Lava, Sand &amp; Bl\u00fctenpracht.<br \/><strong>Ponente:<\/strong> Prof. Horst Wilkens, Universidad de Hamburgo<\/span><\/p>\n<p style=\"text-align: justify; margin: 12.0pt 0in 12.0pt 0in;\"><span lang=\"ES\" style=\"font-size: 11.0pt;\"><strong>14.04.18<\/strong> \u2014 Etnobot\u00e1nica de El Jable.Charla, taller y dos salidas de campo.<br \/><strong>Ponentes:<\/strong> Jaime Gil, Marta Pe\u00f1a, investigadores cient\u00edficos, ULPGC.<\/span><\/p>\n<p style=\"text-align: justify; margin: 12.0pt 0in 12.0pt 0in;\"><span lang=\"ES\" style=\"font-size: 11.0pt;\"><strong>04.10.19<\/strong> \u2014 Naturaleza amenazada de Canarias.<br \/><strong>Ponente:<\/strong> \u00c1ngel B. Fern\u00e1ndez L\u00f3pez, director conservador del Parque Nacional de Garajonay en La Gomera.<\/span><\/p>\n<p style=\"text-align: justify; margin: 12.0pt 0in 12.0pt 0in;\"><span lang=\"ES\" style=\"font-size: 11.0pt;\"><strong>10.10.19<\/strong> \u2014 Halc\u00f3n de Eleonor: Lo que el viento trajo a Canarias: una historia de colonizaci\u00f3n y evoluci\u00f3n.<br \/><strong>Ponente<\/strong>: Dra. Laura Gangoso, Universidad de \u00c1msterdam.<\/span><\/p>\n<p style=\"text-align: justify; margin: 12.0pt 0in 12.0pt 0in;\"><span lang=\"ES\" style=\"font-size: 11.0pt;\"><strong>12.12.19<\/strong> \u2014 La conservaci\u00f3n del guirre en Canarias. Situaci\u00f3n actual y perspectivas de futuro.<br \/><strong>Ponente:<\/strong> Dr. Jos\u00e9 Antonio Don\u00e1zar Sancho, Estaci\u00f3n Biol\u00f3gica de Do\u00f1ana, CSIC.<\/span><\/p>\n<p style=\"text-align: justify; margin: 12.0pt 0in 12.0pt 0in;\"><span lang=\"ES\" style=\"font-size: 11.0pt;\"><strong>20.02.20<\/strong> \u2014 La avutarda hubara, especie canaria en peligro de extinci\u00f3n.<br \/><strong>Ponente:<\/strong> Inmaculada Abril Col\u00f3n, Museo Nacional de Ciencias Naturales, CSIC.<\/span><\/p>\n<p>[\/et_pb_toggle][\/et_pb_column][\/et_pb_row][et_pb_row _builder_version=\u00bb4.4.1&#8243;][et_pb_column type=\u00bb4_4&#8243; _builder_version=\u00bb4.4.1&#8243;][et_pb_blog fullwidth=\u00bboff\u00bb posts_number=\u00bb100&#8243; include_categories=\u00bball\u00bb show_author=\u00bboff\u00bb show_categories=\u00bboff\u00bb use_overlay=\u00bbon\u00bb disabled_on=\u00bboff|off|off\u00bb _builder_version=\u00bb4.4.3&#8243; hover_enabled=\u00bb0&#8243;][\/et_pb_blog][\/et_pb_column][\/et_pb_row][\/et_pb_section][et_pb_section fb_built=\u00bb1&#8243; admin_label=\u00bbfoot\u00bb _builder_version=\u00bb4.4.1&#8243; background_image=\u00bbhttps:\/\/desertwatch.org\/wp-content\/uploads\/2020\/02\/lecture-head.jpg\u00bb custom_padding=\u00bb80px|0px|80px|0px|true|false\u00bb top_divider_style=\u00bbcurve\u00bb top_divider_color=\u00bb#ffffff\u00bb top_divider_height=\u00bb60px\u00bb top_divider_flip=\u00bbvertical\u00bb locked=\u00bboff\u00bb][et_pb_row _builder_version=\u00bb3.25&#8243;][et_pb_column type=\u00bb4_4&#8243; _builder_version=\u00bb3.25&#8243; custom_padding=\u00bb|||\u00bb custom_padding__hover=\u00bb|||\u00bb][et_pb_divider show_divider=\u00bboff\u00bb _builder_version=\u00bb4.4.1&#8243; height=\u00bb100px\u00bb][\/et_pb_divider][et_pb_blurb title=\u00bbHaz una donaci\u00f3n\u00bb image=\u00bbhttps:\/\/desertwatch.org\/wp-content\/uploads\/2018\/07\/donate.png\u00bb image_max_width=\u00bb64px\u00bb _builder_version=\u00bb4.4.3&#8243; header_font=\u00bbMontserrat|800||on|||||\u00bb header_text_align=\u00bbcenter\u00bb header_text_color=\u00bb#fff5e7&#8243; header_font_size=\u00bb30px\u00bb header_letter_spacing=\u00bb15px\u00bb header_line_height=\u00bb1.7em\u00bb body_font=\u00bbLora||||||||\u00bb body_font_size=\u00bb18px\u00bb body_line_height=\u00bb2em\u00bb text_orientation=\u00bbcenter\u00bb background_layout=\u00bbdark\u00bb custom_margin=\u00bb||0px|\u00bb animation_style=\u00bbfade\u00bb animation=\u00bboff\u00bb header_text_shadow_style=\u00bbpreset2&#8243; header_text_shadow_color=\u00bb#000000&#8243;][\/et_pb_blurb][et_pb_button button_url=\u00bbhttps:\/\/desertwatch.org\/donate-now\/\u00bb button_text=\u00bbDonar\u00bb button_alignment=\u00bbcenter\u00bb _builder_version=\u00bb4.4.3&#8243; custom_button=\u00bbon\u00bb button_text_size=\u00bb16px\u00bb button_text_color=\u00bb#ffffff\u00bb button_bg_color=\u00bb#000000&#8243; button_border_width=\u00bb15px\u00bb button_border_color=\u00bbrgba(210,159,104,0)\u00bb button_border_radius=\u00bb100px\u00bb button_letter_spacing=\u00bb3px\u00bb button_font=\u00bbOswald|||on|||||\u00bb button_use_icon=\u00bboff\u00bb button_border_radius_hover=\u00bb100px\u00bb button_bg_color_hover=\u00bb#d0b82b\u00bb locked=\u00bboff\u00bb button_text_size__hover_enabled=\u00bboff\u00bb button_one_text_size__hover_enabled=\u00bboff\u00bb button_two_text_size__hover_enabled=\u00bboff\u00bb button_text_color__hover_enabled=\u00bboff\u00bb button_one_text_color__hover_enabled=\u00bboff\u00bb button_two_text_color__hover_enabled=\u00bboff\u00bb button_border_width__hover_enabled=\u00bboff\u00bb button_one_border_width__hover_enabled=\u00bboff\u00bb button_two_border_width__hover_enabled=\u00bboff\u00bb button_border_color__hover_enabled=\u00bboff\u00bb button_one_border_color__hover_enabled=\u00bboff\u00bb button_two_border_color__hover_enabled=\u00bboff\u00bb button_border_radius__hover_enabled=\u00bbon\u00bb button_border_radius__hover=\u00bb100px\u00bb button_one_border_radius__hover_enabled=\u00bboff\u00bb button_two_border_radius__hover_enabled=\u00bboff\u00bb button_letter_spacing__hover_enabled=\u00bboff\u00bb button_one_letter_spacing__hover_enabled=\u00bboff\u00bb button_two_letter_spacing__hover_enabled=\u00bboff\u00bb button_bg_color__hover_enabled=\u00bbon\u00bb button_bg_color__hover=\u00bb#d0b82b\u00bb button_one_bg_color__hover_enabled=\u00bboff\u00bb button_two_bg_color__hover_enabled=\u00bboff\u00bb][\/et_pb_button][\/et_pb_column][\/et_pb_row][\/et_pb_section]<\/p>\n","protected":false},"excerpt":{"rendered":"<p>Awareness Lectures &amp; ConferencesUno de nuestros objetivos es recabar la mayor cantidad de informaci\u00f3n sobre el medio natural de El Jable. Y para ello, a lo largo de estos a\u00f1os hemos invitado a diferentes ponentes que han realizado estudios o investigaciones sobre la naturaleza a impartir charlas, talleres y mesas redondas para compartir sus conocimientos [&hellip;]<\/p>\n","protected":false},"author":1,"featured_media":0,"parent":0,"menu_order":0,"comment_status":"closed","ping_status":"closed","template":"","meta":{"give_campaign_id":0,"_et_pb_use_builder":"on","_et_pb_old_content":"","_et_gb_content_width":"","footnotes":""},"class_list":["post-2688","page","type-page","status-publish","hentry"],"campaignId":"","_links":{"self":[{"href":"https:\/\/desertwatch.org\/es\/wp-json\/wp\/v2\/pages\/2688","targetHints":{"allow":["GET"]}}],"collection":[{"href":"https:\/\/desertwatch.org\/es\/wp-json\/wp\/v2\/pages"}],"about":[{"href":"https:\/\/desertwatch.org\/es\/wp-json\/wp\/v2\/types\/page"}],"author":[{"embeddable":true,"href":"https:\/\/desertwatch.org\/es\/wp-json\/wp\/v2\/users\/1"}],"replies":[{"embeddable":true,"href":"https:\/\/desertwatch.org\/es\/wp-json\/wp\/v2\/comments?post=2688"}],"version-history":[{"count":0,"href":"https:\/\/desertwatch.org\/es\/wp-json\/wp\/v2\/pages\/2688\/revisions"}],"wp:attachment":[{"href":"https:\/\/desertwatch.org\/es\/wp-json\/wp\/v2\/media?parent=2688"}],"curies":[{"name":"wp","href":"https:\/\/api.w.org\/{rel}","templated":true}]}}